{"id":64,"date":"2019-03-05T18:14:51","date_gmt":"2019-03-05T17:14:51","guid":{"rendered":"https:\/\/personal-polen.de\/?page_id=64"},"modified":"2025-04-16T10:33:10","modified_gmt":"2025-04-16T08:33:10","slug":"vyslanie","status":"publish","type":"page","link":"https:\/\/personal-polen.de\/sk\/vyslanie\/","title":{"rendered":"Vysielanie"},"content":{"rendered":"<div class=\"wpb-content-wrapper\">\r\n<div class=\"mk-page-section-wrapper\" data-mk-full-width=\"true\" data-mk-full-width-init=\"true\" data-mk-stretch-content=\"true\">\r\n\t<div id=\"page-section-1\" class=\"mk-page-section self-hosted   full_layout full-width-1 js-el js-master-row jupiter-donut-\"    data-intro-effect=\"false\">\r\n\r\n\t\t\t\r\n\t\t\t<div class=\"mk-page-section-inner\">\r\n\t\t\t\t\r\n\r\n\r\n<div style=\"background-color:#282828;opacity:0.3;\" class=\"mk-video-color-mask\"><\/div>\r\n\r\n\t\t\t\t\r\n\t\t\t\t\t<div class=\"background-clipper\">\r\n\r\n\t\r\n\t<div class=\"background-layer-holder\">\r\n\t\t<div id=\"background-layer--1\" data-mk-lazyload=\"false\" class=\"background-layer  none-blend-effect js-el\"    data-mk-img-set='{\"landscape\":{\"desktop\":\"https:\/\/personal-polen.de\/wp-content\/uploads\/2021\/10\/istock-514672705.jpg\",\"tablet\":\"https:\/\/personal-polen.de\/wp-content\/uploads\/2021\/10\/istock-514672705-1024x768.jpg\",\"mobile\":\"https:\/\/personal-polen.de\/wp-content\/uploads\/2021\/10\/istock-514672705-736x414.jpg\"},\"responsive\":\"true\"}' >\r\n\t\t\t\t\t\t\t\t\t<div class=\"mk-color-layer\"><\/div>\r\n\t\t<\/div>\r\n\t<\/div>\r\n\r\n\t<\/div>\r\n\t\t\t<\/div>\r\n\r\n\t\t\t\r\n        <div class=\"page-section-content vc_row-fluid mk-grid\" >\r\n            <div class=\"mk-padding-wrapper wpb_row\">\r\n<div class=\"vc_col-sm-12 wpb_column column_container  jupiter-donut- _ jupiter-donut-height-full\">\r\n\t\r\n<div id=\"padding-3\" class=\"mk-padding-divider jupiter-donut-  jupiter-donut-clearfix\"><\/div>\r\n\r\n<div class=\"mk-font-icons icon-align-center jupiter-donut-\" id=\"mk-font-icons-4\">\r\n\t<i class=\"font-icon circle-enabled center-icon mk-size-x-large\"><svg class=\"mk-svg-icon\" data-name=\"mk-icon-angle-double-up\" data-cacheid=\"icon-69f4a9d3e9b17\" xmlns=\"http:\/\/www.w3.org\/2000\/svg\" viewbox=\"0 0 1152 1792\"><path d=\"M1075 1312q0 13-10 23l-50 50q-10 10-23 10t-23-10l-393-393-393 393q-10 10-23 10t-23-10l-50-50q-10-10-10-23t10-23l466-466q10-10 23-10t23 10l466 466q10 10 10 23zm0-384q0 13-10 23l-50 50q-10 10-23 10t-23-10l-393-393-393 393q-10 10-23 10t-23-10l-50-50q-10-10-10-23t10-23l466-466q10-10 23-10t23 10l466 466q10 10 10 23z\"><\/path><\/svg><\/i>\r\n<\/div>\r\n<h2 id=\"fancy-title-5\" class=\"mk-fancy-title  simple-style jupiter-donut-  color-single\">\r\n\t<span>\r\n\t\t\t\t<p>Vysielanie<\/p>\n\t\t\t<\/span>\r\n<\/h2>\r\n<div class=\"clearboth\"><\/div>\r\n\r\n\r\n\r\n\r\n<div id=\"padding-6\" class=\"mk-padding-divider jupiter-donut-  jupiter-donut-clearfix\"><\/div>\r\n\r\n<\/div>\r\n<\/div>\r\n            <div class=\"clearboth\"><\/div>\r\n        <\/div>\r\n\r\n\r\n\t\t\t\r\n\t\t\t\r\n\t\t\t\r\n\t\t<div class=\"clearboth\"><\/div>\r\n\t<\/div>\r\n<\/div>\r\n<div class=\"vc_row-full-width vc_clearfix\"><\/div>\r\n\r\n\r\n<div class=\"mk-page-section-wrapper\" data-mk-full-width=\"true\" data-mk-full-width-init=\"true\" data-mk-stretch-content=\"true\">\r\n\t<div id=\"page-section-7\" class=\"mk-page-section self-hosted   full_layout full-width-7 js-el js-master-row jupiter-donut-\"    data-intro-effect=\"false\">\r\n\r\n\t\t\t\r\n\t\t\t<div class=\"mk-page-section-inner\">\r\n\t\t\t\t\r\n\r\n\r\n<div class=\"mk-video-color-mask\"><\/div>\r\n\r\n\t\t\t\t\r\n\t\t\t\t\t\t\t<\/div>\r\n\r\n\t\t\t\r\n        <div class=\"page-section-content vc_row-fluid mk-grid\" >\r\n            <div class=\"mk-padding-wrapper wpb_row\">\r\n<div class=\"vc_col-sm-12 wpb_column column_container  jupiter-donut- _ jupiter-donut-height-full\">\r\n\t\r\n<h1 id=\"fancy-title-9\" class=\"mk-fancy-title  simple-style jupiter-donut-  color-single\">\r\n\t<span>\r\n\t\t\t\t<p>Vysielanie kvalifikovanej pracovnej sily z v\u00fdchodnej Eur\u00f3py<\/p>\n\t\t\t<\/span>\r\n<\/h1>\r\n<div class=\"clearboth\"><\/div>\r\n\r\n\r\n\r\n\t<div class=\"vc_custom_1744792147902\">\r\n\r\n<div id=\"text-block-10\" class=\"mk-text-block  jupiter-donut-\">\r\n\r\n\t\r\n\t<p>Mnoh\u00e9 spolo\u010dnosti v s\u00fa\u010dasnosti pokr\u00fdvaj\u00fa svoje potreby pracovnej sily vysielan\u00edm pracovn\u00edkov z v\u00fdchodnej Eur\u00f3py. V mnoh\u00fdch oblastiach Nemecka je nedostatok pracovn\u00fdch s\u00edl. Kvalifikovan\u00ed pracovn\u00edci z v\u00fdchodnej Eur\u00f3py s\u00fa tu spr\u00e1vnym rie\u0161en\u00edm. To, ako chc\u00fa spolo\u010dnosti organizova\u0165 vysielanie pracovn\u00edkov z v\u00fdchodnej Eur\u00f3py, z\u00e1vis\u00ed od ich po\u017eiadaviek a pr\u00edslu\u0161n\u00e9ho pr\u00e1vneho r\u00e1mca. Jednou z mo\u017enost\u00ed je napr\u00edklad klasick\u00e1 forma pren\u00e1jmu pracovnej sily z v\u00fdchodnej Eur\u00f3py, t. j. do\u010dasn\u00e1 pr\u00e1ca. Pri do\u010dasnom zamestn\u00e1van\u00ed z v\u00fdchodnej Eur\u00f3py si poskytovatelia slu\u017eieb flexibilne naj\u00edmaj\u00fa pracovn\u00edkov z v\u00fdchodnej Eur\u00f3py na ur\u010dit\u00e9 \u010dasov\u00e9 obdobie. Alternat\u00edvou s\u00fa zmluvy o dielo a zmluvy o poskytovan\u00ed slu\u017eieb na n\u00e1bor person\u00e1lu z v\u00fdchodnej Eur\u00f3py. V pr\u00edpade zml\u00fav o dielo a o slu\u017eb\u00e1ch sa obe strany dohodn\u00fa na splnen\u00ed konkr\u00e9tnej \u00falohy, napr.<\/p>\n\r\n\t<div class=\"clearboth\"><\/div>\r\n<\/div>\r\n\r\n\t<\/div>\r\n<\/div>\r\n<\/div>\r\n            <div class=\"clearboth\"><\/div>\r\n        <\/div>\r\n\r\n\r\n\t\t\t\r\n\t\t\t\r\n\t\t\t\r\n\t\t<div class=\"clearboth\"><\/div>\r\n\t<\/div>\r\n<\/div>\r\n<div class=\"vc_row-full-width vc_clearfix\"><\/div>\r\n\r\n\r\n<div class=\"mk-page-section-wrapper\" data-mk-full-width=\"true\" data-mk-full-width-init=\"true\" data-mk-stretch-content=\"true\">\r\n\t<div id=\"page-section-11\" class=\"mk-page-section self-hosted   full_layout full-width-11 js-el js-master-row jupiter-donut-\"    data-intro-effect=\"false\">\r\n\r\n\t\t\t\r\n\t\t\t<div class=\"mk-page-section-inner\">\r\n\t\t\t\t\r\n\r\n\r\n<div class=\"mk-video-color-mask\"><\/div>\r\n\r\n\t\t\t\t\r\n\t\t\t\t\t\t\t<\/div>\r\n\r\n\t\t\t\r\n        <div class=\"page-section-content vc_row-fluid mk-grid\" >\r\n            <div class=\"mk-padding-wrapper wpb_row\">\r\n<div class=\"vc_col-sm-4 wpb_column column_container  jupiter-donut- _ jupiter-donut-height-full\">\r\n\t<div  class=\"mk-image mk-image-13 jupiter-donut-  mk-image-lazyload align-left  mk-animate-element left-to-right simple-frame inside-image\" style=\"margin-bottom:10px\"><div class=\"mk-image-container\" style=\"max-width: 600px;\"><div  class=\"mk-image-holder\" style=\"max-width: 600px;\"><div class=\"mk-image-inner\"><img loading=\"lazy\" decoding=\"async\" class=\"lightbox-false\" alt=\"Po\u013esk\u00ed remeseln\u00edci\" title=\"remeseln\u00edci z Po\u013eska\" width=\"600\" height=\"556\" src=\"https:\/\/personal-polen.de\/wp-content\/uploads\/2019\/02\/handwerker-aus-polen.jpg\" \/><\/div><\/div><div class=\"clearboth\"><\/div><\/div><\/div><\/div>\r\n\r\n<div class=\"vc_col-sm-8 wpb_column column_container  jupiter-donut- _ jupiter-donut-height-full\">\r\n\t\t<div class=\"vc_custom_1744792376399\">\r\n\r\n<div id=\"text-block-15\" class=\"mk-text-block  jupiter-donut-\">\r\n\r\n\t\r\n\t<div class=\"wpb_text_column\">\n<div class=\"wpb_wrapper\">\n<p>Nemeck\u00e9 spolo\u010dnosti v\u0161ak zvy\u010dajne nem\u00f4\u017eu samy organizova\u0165 vysielanie pracovn\u00edkov z v\u00fdchodnej Eur\u00f3py, preto\u017ee si to vy\u017eaduje rozsiahle znalosti pracovn\u00e9ho trhu v Po\u013esku a in\u00fdch krajin\u00e1ch, ako aj pr\u00edslu\u0161n\u00fdch pr\u00e1vnych predpisov. Ak chcete zamestna\u0165 zamestnancov z v\u00fdchodnej Eur\u00f3py, je lep\u0161ie obr\u00e1ti\u0165 sa na profesion\u00e1lnu person\u00e1lnu agent\u00faru pre v\u00fdchodn\u00fa Eur\u00f3pu. Ako \u0161pecialisti na do\u010dasn\u00e9 zamestn\u00e1vanie z v\u00fdchodnej Eur\u00f3py a zmluvy o dielo a slu\u017eby pou\u017e\u00edvame modern\u00e9 met\u00f3dy n\u00e1boru, aby sme na\u0161li ide\u00e1lny person\u00e1l z v\u00fdchodnej Eur\u00f3py. Uplat\u0148ujeme pr\u00edsne normy, pokia\u013e ide o odborn\u00e9 krit\u00e9ri\u00e1 a soci\u00e1lne zru\u010dnosti. Je samozrejm\u00e9, \u017ee sa v\u017edy riadime profilom va\u0161ich po\u017eiadaviek na person\u00e1l. Okrem toho zaru\u010dujeme vyslanie pracovn\u00edkov z v\u00fdchodnej Eur\u00f3py v s\u00falade s pr\u00e1vnymi predpismi. Je toho ve\u013ea, \u010do treba zv\u00e1\u017ei\u0165. Oznamovacie povinnosti, dane, soci\u00e1lne poistenie a pr\u00edpadn\u00e9 kolekt\u00edvne zmluvy s\u00fa len nieko\u013ek\u00fdmi pr\u00edkladmi. S nami, ako etablovanou person\u00e1lnou agent\u00farou pre v\u00fdchodn\u00fa Eur\u00f3pu, sa m\u00f4\u017eete spo\u013eahn\u00fa\u0165 na pr\u00e1vne vyhovuj\u00faci pracovn\u00fd pomer.<\/p>\n<p>Tu n\u00e1jdete kvalifikovan\u00fdch pracovn\u00edkov spolo\u010dnosti Zoll <strong><a href=\"https:\/\/www.zoll.de\/DE\/Fachthemen\/Arbeit\/Anmeldungen-bei-Entsendung\/\">online - registr\u00e1cia.<\/a><\/strong><\/p>\n<\/div>\n<\/div>\n\r\n\t<div class=\"clearboth\"><\/div>\r\n<\/div>\r\n\r\n\t<\/div>\r\n\r\n<div id=\"mk-button-16\" class=\"mk-button-container _ jupiter-donut-relative    jupiter-donut-inline-block jupiter-donut-left\">\r\n\r\n\t\r\n\t\t<a href=\"https:\/\/personal-polen.de\/sk\/kontakt\/\" target=\"_self\" class=\"mk-button js-smooth-scroll mk-button--dimension-flat mk-button--size-large mk-button--corner-full_rounded text-color-light _ jupiter-donut-relative jupiter-donut-text-center jupiter-donut-font-weight-700 jupiter-donut-no-backface  jupiter-donut-letter-spacing-2 jupiter-donut-inline-block\"><i class=\"mk-button--icon\"><svg  class=\"mk-svg-icon\" data-name=\"mk-icon-paper-plane\" data-cacheid=\"icon-69f4a9d3eafbb\" style=\" height:16px; width: 16px; \"  xmlns=\"http:\/\/www.w3.org\/2000\/svg\" viewbox=\"0 0 1792 1792\"><path d=\"M1764 11q33 24 27 64l-256 1536q-5 29-32 45-14 8-31 8-11 0-24-5l-453-185-242 295q-18 23-49 23-13 0-22-4-19-7-30.5-23.5t-11.5-36.5v-349l864-1059-1069 925-395-162q-37-14-40-55-2-40 32-59l1664-960q15-9 32-9 20 0 36 11z\"\/><\/svg><\/i><span class=\"mk-button--text\">Kontaktujte n\u00e1s<\/span><\/a>\r\n\r\n\t\r\n<\/div>\r\n<\/div>\r\n<\/div>\r\n            <div class=\"clearboth\"><\/div>\r\n        <\/div>\r\n\r\n\r\n\t\t\t\r\n\t\t\t\r\n\t\t\t\r\n\t\t<div class=\"clearboth\"><\/div>\r\n\t<\/div>\r\n<\/div>\r\n<div class=\"vc_row-full-width vc_clearfix\"><\/div>\r\n\r\n\r\n<div  data-mk-stretch-content=\"true\" class=\"wpb_row vc_row vc_row-fluid jupiter-donut- mk-fullwidth-false  attched-false     js-master-row  mk-grid\">\r\n\t\t\t\t\r\n<div class=\"vc_col-sm-3 wpb_column column_container  jupiter-donut- _ jupiter-donut-height-full\">\r\n\t<\/div>\r\n\r\n<div class=\"vc_col-sm-9 wpb_column column_container  jupiter-donut- _ jupiter-donut-height-full\">\r\n\t<\/div>\r\n\t<\/div>\r\n\n<\/div>","protected":false},"excerpt":{"rendered":"Vysielanie kvalifikovan\u00fdch pracovn\u00edkov z v\u00fdchodnej Eur\u00f3py Mnoh\u00e9 spolo\u010dnosti v s\u00fa\u010dasnosti pokr\u00fdvaj\u00fa svoje po\u017eiadavky na pracovn\u00fa silu vysielan\u00edm pracovn\u00edkov z v\u00fdchodnej Eur\u00f3py. V mnoh\u00fdch oblastiach Nemecka je nedostatok pracovn\u00fdch s\u00edl. Kvalifikovan\u00ed pracovn\u00edci z v\u00fdchodnej Eur\u00f3py s\u00fa tu spr\u00e1vnym rie\u0161en\u00edm. Sp\u00f4sob, ak\u00fdm chc\u00fa spolo\u010dnosti organizova\u0165 vysielanie pracovn\u00edkov z v\u00fdchodnej Eur\u00f3py, z\u00e1vis\u00ed od ich po\u017eiadaviek a pr\u00edslu\u0161n\u00fdch [...]","protected":false},"author":13,"featured_media":0,"parent":0,"menu_order":4,"comment_status":"closed","ping_status":"closed","template":"","meta":{"footnotes":""},"class_list":["post-64","page","type-page","status-publish","hentry"],"yoast_head":"<!-- This site is optimized with the Yoast SEO Premium plugin v26.4 (Yoast SEO v26.4) - https:\/\/yoast.com\/wordpress\/plugins\/seo\/ -->\n<title>Entsendung - Personal aus Polen<\/title>\n<meta name=\"description\" content=\"Willkommen bei Personal aus Polen. Wir sind Ihr spezialisierter Dienstleister f\u00fcr Subunternehmer, Handwerker und Leiharbeiter aus Polen.\" \/>\n<meta name=\"robots\" content=\"index, follow, max-snippet:-1, max-image-preview:large, max-video-preview:-1\" \/>\n<link rel=\"canonical\" href=\"https:\/\/personal-polen.de\/sk\/vyslanie\/\" \/>\n<meta property=\"og:locale\" content=\"sk_SK\" \/>\n<meta property=\"og:type\" content=\"article\" \/>\n<meta property=\"og:title\" content=\"Entsendung\" \/>\n<meta property=\"og:description\" content=\"Willkommen bei Personal aus Polen. Wir sind Ihr spezialisierter Dienstleister f\u00fcr Subunternehmer, Handwerker und Leiharbeiter aus Polen.\" \/>\n<meta property=\"og:url\" content=\"https:\/\/personal-polen.de\/sk\/vyslanie\/\" \/>\n<meta property=\"og:site_name\" content=\"Personal aus Polen\" \/>\n<meta property=\"article:modified_time\" content=\"2025-04-16T08:33:10+00:00\" \/>\n<meta name=\"twitter:card\" content=\"summary_large_image\" \/>\n<meta name=\"twitter:label1\" content=\"Predpokladan\u00fd \u010das \u010d\u00edtania\" \/>\n\t<meta name=\"twitter:data1\" content=\"2 min\u00faty\" \/>\n<script type=\"application\/ld+json\" class=\"yoast-schema-graph\">{\"@context\":\"https:\/\/schema.org\",\"@graph\":[{\"@type\":\"Article\",\"@id\":\"https:\/\/personal-polen.de\/entsendung\/#article\",\"isPartOf\":{\"@id\":\"https:\/\/personal-polen.de\/entsendung\/\"},\"author\":{\"name\":\"Redaktion\",\"@id\":\"https:\/\/personal-polen.de\/#\/schema\/person\/cc060cc282b90d581444e0570ce4ab16\"},\"headline\":\"Entsendung\",\"datePublished\":\"2019-03-05T17:14:51+00:00\",\"dateModified\":\"2025-04-16T08:33:10+00:00\",\"mainEntityOfPage\":{\"@id\":\"https:\/\/personal-polen.de\/entsendung\/\"},\"wordCount\":529,\"publisher\":{\"@id\":\"https:\/\/personal-polen.de\/#organization\"},\"inLanguage\":\"sk-SK\"},{\"@type\":[\"WebPage\",\"ItemPage\"],\"@id\":\"https:\/\/personal-polen.de\/entsendung\/\",\"url\":\"https:\/\/personal-polen.de\/entsendung\/\",\"name\":\"Entsendung - Personal aus Polen\",\"isPartOf\":{\"@id\":\"https:\/\/personal-polen.de\/#website\"},\"datePublished\":\"2019-03-05T17:14:51+00:00\",\"dateModified\":\"2025-04-16T08:33:10+00:00\",\"description\":\"Willkommen bei Personal aus Polen. Wir sind Ihr spezialisierter Dienstleister f\u00fcr Subunternehmer, Handwerker und Leiharbeiter aus Polen.\",\"breadcrumb\":{\"@id\":\"https:\/\/personal-polen.de\/entsendung\/#breadcrumb\"},\"inLanguage\":\"sk-SK\",\"potentialAction\":[{\"@type\":\"ReadAction\",\"target\":[\"https:\/\/personal-polen.de\/entsendung\/\"]}]},{\"@type\":\"BreadcrumbList\",\"@id\":\"https:\/\/personal-polen.de\/entsendung\/#breadcrumb\",\"itemListElement\":[{\"@type\":\"ListItem\",\"position\":1,\"name\":\"Startseite\",\"item\":\"https:\/\/personal-polen.de\/\"},{\"@type\":\"ListItem\",\"position\":2,\"name\":\"Entsendung\"}]},{\"@type\":\"WebSite\",\"@id\":\"https:\/\/personal-polen.de\/#website\",\"url\":\"https:\/\/personal-polen.de\/\",\"name\":\"Personal aus Polen\",\"description\":\"Ihr Spezialist f\u00fcr Handwerker und Subunternehmer aus Polen\",\"publisher\":{\"@id\":\"https:\/\/personal-polen.de\/#organization\"},\"potentialAction\":[{\"@type\":\"SearchAction\",\"target\":{\"@type\":\"EntryPoint\",\"urlTemplate\":\"https:\/\/personal-polen.de\/?s={search_term_string}\"},\"query-input\":{\"@type\":\"PropertyValueSpecification\",\"valueRequired\":true,\"valueName\":\"search_term_string\"}}],\"inLanguage\":\"sk-SK\"},{\"@type\":\"Organization\",\"@id\":\"https:\/\/personal-polen.de\/#organization\",\"name\":\"Personal aus Polen\",\"url\":\"https:\/\/personal-polen.de\/\",\"logo\":{\"@type\":\"ImageObject\",\"inLanguage\":\"sk-SK\",\"@id\":\"https:\/\/personal-polen.de\/#\/schema\/logo\/image\/\",\"url\":\"https:\/\/personal-polen.de\/wp-content\/uploads\/2019\/02\/pal_logo_2.png\",\"contentUrl\":\"https:\/\/personal-polen.de\/wp-content\/uploads\/2019\/02\/pal_logo_2.png\",\"width\":250,\"height\":100,\"caption\":\"Personal aus Polen\"},\"image\":{\"@id\":\"https:\/\/personal-polen.de\/#\/schema\/logo\/image\/\"}},{\"@type\":\"Person\",\"@id\":\"https:\/\/personal-polen.de\/#\/schema\/person\/cc060cc282b90d581444e0570ce4ab16\",\"name\":\"Redaktion\"}]}<\/script>\n<!-- \/ Yoast SEO Premium plugin. -->","yoast_head_json":{"title":"Vyslanie - person\u00e1l z Po\u013eska","description":"Vitajte na str\u00e1nke Personnel z Po\u013eska. Sme v\u00e1\u0161 \u0161pecializovan\u00fd poskytovate\u013e slu\u017eieb pre subdod\u00e1vate\u013eov, remeseln\u00edkov a do\u010dasn\u00fdch pracovn\u00edkov z Po\u013eska.","robots":{"index":"index","follow":"follow","max-snippet":"max-snippet:-1","max-image-preview":"max-image-preview:large","max-video-preview":"max-video-preview:-1"},"canonical":"https:\/\/personal-polen.de\/sk\/vyslanie\/","og_locale":"sk_SK","og_type":"article","og_title":"Entsendung","og_description":"Willkommen bei Personal aus Polen. Wir sind Ihr spezialisierter Dienstleister f\u00fcr Subunternehmer, Handwerker und Leiharbeiter aus Polen.","og_url":"https:\/\/personal-polen.de\/sk\/vyslanie\/","og_site_name":"Personal aus Polen","article_modified_time":"2025-04-16T08:33:10+00:00","twitter_card":"summary_large_image","twitter_misc":{"Predpokladan\u00fd \u010das \u010d\u00edtania":"2 min\u00faty"},"schema":{"@context":"https:\/\/schema.org","@graph":[{"@type":"Article","@id":"https:\/\/personal-polen.de\/entsendung\/#article","isPartOf":{"@id":"https:\/\/personal-polen.de\/entsendung\/"},"author":{"name":"Redaktion","@id":"https:\/\/personal-polen.de\/#\/schema\/person\/cc060cc282b90d581444e0570ce4ab16"},"headline":"Entsendung","datePublished":"2019-03-05T17:14:51+00:00","dateModified":"2025-04-16T08:33:10+00:00","mainEntityOfPage":{"@id":"https:\/\/personal-polen.de\/entsendung\/"},"wordCount":529,"publisher":{"@id":"https:\/\/personal-polen.de\/#organization"},"inLanguage":"sk-SK"},{"@type":["WebPage","ItemPage"],"@id":"https:\/\/personal-polen.de\/entsendung\/","url":"https:\/\/personal-polen.de\/entsendung\/","name":"Vyslanie - person\u00e1l z Po\u013eska","isPartOf":{"@id":"https:\/\/personal-polen.de\/#website"},"datePublished":"2019-03-05T17:14:51+00:00","dateModified":"2025-04-16T08:33:10+00:00","description":"Vitajte na str\u00e1nke Personnel z Po\u013eska. Sme v\u00e1\u0161 \u0161pecializovan\u00fd poskytovate\u013e slu\u017eieb pre subdod\u00e1vate\u013eov, remeseln\u00edkov a do\u010dasn\u00fdch pracovn\u00edkov z Po\u013eska.","breadcrumb":{"@id":"https:\/\/personal-polen.de\/entsendung\/#breadcrumb"},"inLanguage":"sk-SK","potentialAction":[{"@type":"ReadAction","target":["https:\/\/personal-polen.de\/entsendung\/"]}]},{"@type":"BreadcrumbList","@id":"https:\/\/personal-polen.de\/entsendung\/#breadcrumb","itemListElement":[{"@type":"ListItem","position":1,"name":"Startseite","item":"https:\/\/personal-polen.de\/"},{"@type":"ListItem","position":2,"name":"Entsendung"}]},{"@type":"WebSite","@id":"https:\/\/personal-polen.de\/#website","url":"https:\/\/personal-polen.de\/","name":"Zamestnanci z Po\u013eska","description":"V\u00e1\u0161 \u0161pecialista na remeseln\u00edkov a subdod\u00e1vate\u013eov z Po\u013eska","publisher":{"@id":"https:\/\/personal-polen.de\/#organization"},"potentialAction":[{"@type":"SearchAction","target":{"@type":"EntryPoint","urlTemplate":"https:\/\/personal-polen.de\/?s={search_term_string}"},"query-input":{"@type":"PropertyValueSpecification","valueRequired":true,"valueName":"search_term_string"}}],"inLanguage":"sk-SK"},{"@type":"Organization","@id":"https:\/\/personal-polen.de\/#organization","name":"Zamestnanci z Po\u013eska","url":"https:\/\/personal-polen.de\/","logo":{"@type":"ImageObject","inLanguage":"sk-SK","@id":"https:\/\/personal-polen.de\/#\/schema\/logo\/image\/","url":"https:\/\/personal-polen.de\/wp-content\/uploads\/2019\/02\/pal_logo_2.png","contentUrl":"https:\/\/personal-polen.de\/wp-content\/uploads\/2019\/02\/pal_logo_2.png","width":250,"height":100,"caption":"Personal aus Polen"},"image":{"@id":"https:\/\/personal-polen.de\/#\/schema\/logo\/image\/"}},{"@type":"Person","@id":"https:\/\/personal-polen.de\/#\/schema\/person\/cc060cc282b90d581444e0570ce4ab16","name":"Redakcia"}]}},"_links":{"self":[{"href":"https:\/\/personal-polen.de\/sk\/wp-json\/wp\/v2\/pages\/64","targetHints":{"allow":["GET"]}}],"collection":[{"href":"https:\/\/personal-polen.de\/sk\/wp-json\/wp\/v2\/pages"}],"about":[{"href":"https:\/\/personal-polen.de\/sk\/wp-json\/wp\/v2\/types\/page"}],"author":[{"embeddable":true,"href":"https:\/\/personal-polen.de\/sk\/wp-json\/wp\/v2\/users\/13"}],"replies":[{"embeddable":true,"href":"https:\/\/personal-polen.de\/sk\/wp-json\/wp\/v2\/comments?post=64"}],"version-history":[{"count":0,"href":"https:\/\/personal-polen.de\/sk\/wp-json\/wp\/v2\/pages\/64\/revisions"}],"wp:attachment":[{"href":"https:\/\/personal-polen.de\/sk\/wp-json\/wp\/v2\/media?parent=64"}],"curies":[{"name":"wp","href":"https:\/\/api.w.org\/{rel}","templated":true}]}}